{"id":1351,"date":"2025-03-21T11:46:12","date_gmt":"2025-03-21T11:46:12","guid":{"rendered":"https:\/\/smalandsstenarhotell.se\/?page_id=1351"},"modified":"2026-04-01T07:31:52","modified_gmt":"2026-04-01T05:31:52","slug":"semesterfest","status":"publish","type":"page","link":"https:\/\/smalandsstenarhotell.se\/da\/event\/semesterfest\/","title":{"rendered":"Fest i ferien"},"content":{"rendered":"<p><style>@media (min-width: 992px) { .liquid-row-responsive-69f0c58dbf162 {padding-top:250px !important; padding-bottom:250px !important;  }  }    <\/style><section data-row-bg=\"https:\/\/smalandsstenarhotell.se\/wp-content\/uploads\/2026\/02\/shutterstock_765584671.jpg?id=3514\" style=\"background-position:50% 25% !important;\" data-bg-image=\"url\" class=\"vc_row vc_custom_1773066745196 liquid-row-responsive-69f0c58dbf162 liquid-row-shadowbox-69f0c58dbf176 vc_row-has-fill vc_row-has-bg lqd-has-bg-markup row-bg-appended\"><span class=\"row-bg-loader\"><\/span><div class=\"row-bg-wrap\">\n\t\t<div class=\"row-bg-inner\">\n\t\t\t<figure class=\"row-bg\" ><\/figure>\n\t\t<\/div>\n\t<\/div><div class=\"liquid-row-overlay\" style=\"background:rgba(0, 0, 0, 0.25)\"><\/div><div class=\"one-row_bottom_divider\" style=\"height:96px;\"><svg fill=\"#ffffff\" xmlns=\"http:\/\/www.w3.org\/2000\/svg\" width=\"1440\" height=\"100\" viewbox=\"0 0 1440 100\" preserveaspectratio=\"none\">\n\t\t\t\t\t\t\t\t<path id=\"Row_Separator\" data-name=\"Row Separator\" d=\"M1440,0Q1080,99,720,99T0,0V100H1440Z\" \/>\n\t\t\t\t\t\t\t<\/svg><\/div><div class=\"ld-container container\"><div class=\"row ld-row ld-row-outer vc_row-o-content-middle vc_row-flex\"><style>@media (min-width: 768px) { .liquid-column-responsive-69f0c58dbf56a > .vc_column-inner {margin-bottom:0px !important;  }  } <\/style><div class=\"wpb_column vc_column_container vc_col-sm-12 text-center liquid-column-69f0c58dbf569 liquid-column-responsive-69f0c58dbf56a\"><div class=\"vc_column-inner  vc_custom_1740089444398\" ><div class=\"wpb_wrapper\"  ><style>.ld_fancy_heading_69f0c58dbf653 h1{color:rgb(255, 255, 255);}.ld_fancy_heading_69f0c58dbf653 h1 {font-size:46px; } @media (min-width: 768px) { .ld_fancy_heading_69f0c58dbf653 h1 {font-size:50px; }  } @media (min-width: 992px) { .ld_fancy_heading_69f0c58dbf653 h1 {font-size:68px; }  } @media (min-width: 992px) { .ld_fancy_heading_69f0c58dbf653 h1 {line-height:1em; }  } @media (min-width: 992px) { .ld_fancy_heading_69f0c58dbf653 h1 {--element-line-height:1em; }  } @media (min-width: 992px) { .ld_fancy_heading_69f0c58dbf653 h1 {font-weight:700; }  } .ld_fancy_heading_69f0c58dbf653 .lqd-highlight-inner{height:0.275em!important;bottom:0px!important;}.ld_fancy_heading_69f0c58dbf653 h1 {font-size:46px; } @media (min-width: 768px) { .ld_fancy_heading_69f0c58dbf653 h1 {font-size:50px; }  } @media (min-width: 992px) { .ld_fancy_heading_69f0c58dbf653 h1 {font-size:68px; }  } @media (min-width: 992px) { .ld_fancy_heading_69f0c58dbf653 h1 {line-height:1em; }  } @media (min-width: 992px) { .ld_fancy_heading_69f0c58dbf653 h1 {--element-line-height:1em; }  } @media (min-width: 992px) { .ld_fancy_heading_69f0c58dbf653 h1 {font-weight:700; }  } <\/style><div class=\"ld-fancy-heading ld_fancy_heading_69f0c58dbf653\">\n\t<h1 class=\"ld-fh-element lqd-highlight-underline lqd-highlight-grow-left text-decoration-default\"   >  FERIEPARTY 2026!<\/h1><\/div><\/div><\/div><\/div><\/div><\/div><\/section><style>@media (min-width: 992px) { .liquid-row-responsive-69f0c58dbff1e {margin-top:30px !important; padding-top:40px !important;  }  }    <\/style><section class=\"vc_row vc_custom_1741549461273 liquid-row-responsive-69f0c58dbff1e liquid-row-shadowbox-69f0c58dbff2e\"><div class=\"ld-container container\"><div class=\"row ld-row ld-row-outer\"><style>@media (min-width: 992px) { .liquid-column-responsive-69f0c58dc0244 > .vc_column-inner {margin-bottom:5px !important;  }  } <\/style><div class=\"wpb_column vc_column_container vc_col-sm-12 text-center text-md-left liquid-column-69f0c58dc0243 liquid-column-responsive-69f0c58dc0244\"><div class=\"vc_column-inner  vc_custom_1742558136958\" ><div class=\"wpb_wrapper\"  ><style>@media (min-width: 992px) { .liquid-row-responsive-69f0c58dc0459 {margin-bottom:20px !important;  }  }  <\/style><div class=\"vc_row vc_inner vc_row-fluid liquid-row-responsive-69f0c58dc0459 liquid-row-shadowbox-69f0c58dc0466 vc_column-gap-30\"><div class=\"ld-container container-fluid\"><div class=\"row ld-row ld-row-inner\"><div class=\"wpb_column vc_column_container vc_col-sm-6 text-left liquid-column-69f0c58dc070f\"><div class=\"vc_column-inner\" ><div class=\"wpb_wrapper\" ><style>.ld_fancy_heading_69f0c58dc07cd h2 {font-size:28px; } @media (min-width: 992px) { .ld_fancy_heading_69f0c58dc07cd h2 {font-size:42px; }  } .ld_fancy_heading_69f0c58dc07cd h2 {margin-bottom:0.35em !important;  } .ld_fancy_heading_69f0c58dc07cd .lqd-highlight-inner{height:0.275em!important;bottom:0px!important;}.ld_fancy_heading_69f0c58dc07cd h2 {font-size:28px; } @media (min-width: 992px) { .ld_fancy_heading_69f0c58dc07cd h2 {font-size:42px; }  } .ld_fancy_heading_69f0c58dc07cd h2 {margin-bottom:0.35em !important;  } <\/style><div class=\"ld-fancy-heading text-left ld_fancy_heading_69f0c58dc07cd\">\n\t<h2 class=\"ld-fh-element lqd-highlight-underline lqd-highlight-grow-left text-decoration-default\"   >  Partyt\u00e4lt, buff\u00e9, livemusik och dans till midnatt &#8211; missa inte semesterfesten 2026!<\/h2><\/div><style>.ld_fancy_heading_69f0c58dc0db7 p {padding-bottom:0px !important;  } .ld_fancy_heading_69f0c58dc0db7 p {margin-bottom:15px !important;  } .ld_fancy_heading_69f0c58dc0db7 .lqd-highlight-inner{height:0.275em!important;bottom:0px!important;}.ld_fancy_heading_69f0c58dc0db7 p {padding-bottom:0px !important;  } .ld_fancy_heading_69f0c58dc0db7 p {margin-bottom:15px !important;  } <\/style><div class=\"ld-fancy-heading text-left ld_fancy_heading_69f0c58dc0db7\">\n\t<p class=\"ld-fh-element lqd-highlight-underline lqd-highlight-grow-left text-decoration-default\"   >  F\u00f6rra \u00e5ret blev en succ\u00e9 och den\u00a0 3 juli sm\u00e4ller det och vi bjuder upp till dans och fest till \u00e5rets semesterfest 2026 i Sm\u00e5landsstenar!<\/p>\n<p>T\u00e4lt kommer att riggas, livemusiken \u00e4r bokad, menyn \u00e4r satt och drinkmenyn klar. Samla jobbarkompisarna, v\u00e4nnerna eller kom sj\u00e4lv och fira in sommaren och semestern tillsammans med oss!<\/p>\n<p>Ni kan v\u00e4lja mellan tre sittningar:<br \/>\n<strong><br \/>\nLunchsittning kl. 13.00, 289 kr<\/strong><br \/>\nPerfekt f\u00f6r er som vill fira in sommaren och avsluta s\u00e4songen med en trevlig l\u00e5nglunch i lugn och h\u00e4rlig milj\u00f6<\/p>\n<p><strong>Tidig middagssittning kl. 16.00, 349 kr<\/strong><br \/>\nF\u00f6r er som vill vara med p\u00e5 festen fr\u00e5n b\u00f6rjan! Njut av den goda maten och drycken redan fr\u00e5n kl. 16.00 och stanna kvar resten av kv\u00e4llen &#8211; biljett till t\u00e4ltet och livemusik ing\u00e5r.<\/p>\n<p><strong>Sen middagssittning, kl. 19.00, 349 kr<\/strong><br \/>\nF\u00f6r er som vill avsluta jobbet i lugn och ro och hinna fixa till er lite extra innan ni kommer till festen &#8211; biljett till t\u00e4ltet och livemusik ing\u00e5r.<\/p>\n<p><strong>Meny:<\/strong><br \/>\n* Sydamerikansk och spanskinspirerad Yambalayabuff\u00e9 med br\u00f6d, s\u00e5ser och sallader &#8211; \u00e4t s\u00e5 mycket du orkar!<br \/>\n* Kaffe och kaka<\/p>\n<p>Ni betalar och h\u00e4mtar ut era biljetter inom en vecka fr\u00e5n bokningsdatumet.<\/p>\n<p>Om ni \u00e4r st\u00f6rre s\u00e4llskap och t.ex. vill boka p\u00e5 dryckesbiljetter s\u00e5 ring oss, s\u00e5 fixar vi bokningen tillsammans!<\/p><\/div><\/div><\/div><\/div><div class=\"wpb_column vc_column_container vc_col-sm-6 liquid-column-69f0c58dc1200\"><div class=\"vc_column-inner\" ><div class=\"wpb_wrapper\" >\n\t<div  class=\"wpb_single_image wpb_content_element vc_align_  liquid_vc_single_image-69f0c58dc1636\">\n\t\t\n\t\t<figure class=\"wpb_wrapper vc_figure\">\n\t\t\t<div class=\"vc_single_image-wrapper vc_box_rounded\"><img loading=\"lazy\" decoding=\"async\" width=\"1024\" height=\"1536\" src=\"https:\/\/smalandsstenarhotell.se\/wp-content\/uploads\/2026\/03\/Semesterfest-talt.png\" class=\"vc_single_image-img attachment-full\" alt=\"\" title=\"Semesterfest t\u00e4lt\" srcset=\"https:\/\/smalandsstenarhotell.se\/wp-content\/uploads\/2026\/03\/Semesterfest-talt.png 1024w, https:\/\/smalandsstenarhotell.se\/wp-content\/uploads\/2026\/03\/Semesterfest-talt-200x300.png 200w, https:\/\/smalandsstenarhotell.se\/wp-content\/uploads\/2026\/03\/Semesterfest-talt-683x1024.png 683w, https:\/\/smalandsstenarhotell.se\/wp-content\/uploads\/2026\/03\/Semesterfest-talt-8x12.png 8w\" sizes=\"auto, (max-width: 1024px) 100vw, 1024px\" \/><\/div>\n\t\t<\/figure>\n\t<\/div>\n<\/div><\/div><\/div><\/div><\/div><\/div><style>.ld_button_69f0c58dc16f7.btn-icon-solid .btn-icon{background:rgb(201, 153, 176);}.ld_button_69f0c58dc16f7.btn-icon-circle.btn-icon-ripple .btn-icon:before{border-color:rgb(201, 153, 176);}.ld_button_69f0c58dc16f7{background-color:rgb(201, 153, 176);border-color:rgb(201, 153, 176);}.ld_button_69f0c58dc16f7 .btn-gradient-border defs stop:first-child{stop-color:rgb(201, 153, 176);}.ld_button_69f0c58dc16f7 .btn-gradient-border defs stop:last-child{stop-color:rgb(201, 153, 176);}<\/style><a href=\"https:\/\/app.waiteraid.com\/reservation\/?hash=42ae086a817885289a2c3895bbd19716&#038;mealid=57707&#038;amount=&#038;date=&#038;time=\" title=\"Boka bord nu!\" class=\"btn btn-solid border-thin btn-has-label ld_button_69f0c58dc16f7\" >\n\t<span>\n\t\n\t\t\t\t\t<span class=\"btn-txt\" data-text=\"Boka bord nu!\" >Boka bord nu!<\/span>\n\t\t\n\t\t\t\t\t<\/span>\n<\/a>\n<\/div><\/div><\/div><\/div><\/div><\/section>","protected":false},"excerpt":{"rendered":"SEMESTERFEST 2026! Partyt\u00e4lt, buff\u00e9, livemusik och dans till midnatt - missa inte semesterfesten 2026! F\u00f6rra \u00e5ret blev en succ\u00e9 och den\u00a0 3 juli sm\u00e4ller det och vi bjuder upp till dans och fest till \u00e5rets semesterfest 2026 i Sm\u00e5landsstenar! T\u00e4lt kommer att riggas, livemusiken \u00e4r bokad, menyn \u00e4r satt och drinkmenyn klar. Samla jobbarkompisarna, v\u00e4nnerna [...]","protected":false},"author":1,"featured_media":0,"parent":1378,"menu_order":0,"comment_status":"closed","ping_status":"closed","template":"","meta":{"footnotes":""},"class_list":["post-1351","page","type-page","status-publish","hentry"],"_links":{"self":[{"href":"https:\/\/smalandsstenarhotell.se\/da\/wp-json\/wp\/v2\/pages\/1351","targetHints":{"allow":["GET"]}}],"collection":[{"href":"https:\/\/smalandsstenarhotell.se\/da\/wp-json\/wp\/v2\/pages"}],"about":[{"href":"https:\/\/smalandsstenarhotell.se\/da\/wp-json\/wp\/v2\/types\/page"}],"author":[{"embeddable":true,"href":"https:\/\/smalandsstenarhotell.se\/da\/wp-json\/wp\/v2\/users\/1"}],"replies":[{"embeddable":true,"href":"https:\/\/smalandsstenarhotell.se\/da\/wp-json\/wp\/v2\/comments?post=1351"}],"version-history":[{"count":7,"href":"https:\/\/smalandsstenarhotell.se\/da\/wp-json\/wp\/v2\/pages\/1351\/revisions"}],"predecessor-version":[{"id":3630,"href":"https:\/\/smalandsstenarhotell.se\/da\/wp-json\/wp\/v2\/pages\/1351\/revisions\/3630"}],"up":[{"embeddable":true,"href":"https:\/\/smalandsstenarhotell.se\/da\/wp-json\/wp\/v2\/pages\/1378"}],"wp:attachment":[{"href":"https:\/\/smalandsstenarhotell.se\/da\/wp-json\/wp\/v2\/media?parent=1351"}],"curies":[{"name":"wp","href":"https:\/\/api.w.org\/{rel}","templated":true}]}}